{"batchcomplete":"","continue":{"lecontinue":"20260401124839|848","continue":"-||"},"query":{"logevents":[{"logid":858,"ns":6,"title":"Fichier:Paul Verlaine.jpeg","pageid":506,"logpage":506,"revid":1241,"params":{},"type":"create","action":"create","user":"Hannah","timestamp":"2026-04-23T11:18:46Z","comment":"Portrait photographique de Paul Verlaine. [Paris, 1893].\n\nPhotographe : Otto Wegener (1849-1922)\n\nExtrait d'un catalogue de vente de Sotheby's : Arthur Rimbaud : Biographie et po\u00e9sie, 2010\nEnglish: Paul Verlaine wearing a Charvet scarf: Cabinet Card Portraits in the Collection of Radical Publisher Benjamin R. Tucker Collection\n\nNYPL Digital Library\n\nPublic domain, via Wikimedia Commons"},{"logid":857,"ns":6,"title":"Fichier:Paul Verlaine.jpeg","pageid":506,"logpage":506,"revid":1241,"params":{"img_sha1":"n275wrn6jdd9htpzpdlcm8edhjkp2t5","img_timestamp":"2026-04-23T11:18:46Z"},"type":"upload","action":"upload","user":"Hannah","timestamp":"2026-04-23T11:18:46Z","comment":"Portrait photographique de Paul Verlaine. [Paris, 1893].\n\nPhotographe : Otto Wegener (1849-1922)\n\nExtrait d'un catalogue de vente de Sotheby's : Arthur Rimbaud : Biographie et po\u00e9sie, 2010\nEnglish: Paul Verlaine wearing a Charvet scarf: Cabinet Card Portraits in the Collection of Radical Publisher Benjamin R. Tucker Collection\n\nNYPL Digital Library\n\nPublic domain, via Wikimedia Commons"},{"logid":856,"ns":0,"title":"Paul Verlaine et le symbolisme (r\u00e9ception en Autriche)","pageid":505,"logpage":505,"revid":1227,"params":{},"type":"create","action":"create","user":"Hannah","timestamp":"2026-04-23T10:59:41Z","comment":"Page cr\u00e9\u00e9e avec \u00ab\u202fIl n\u2019est gu\u00e8re possible de dissocier la r\u00e9ception de Paul Verlaine (n\u00e9 \u00e0 Metz le 30 mars 1844, mort \u00e0 Paris le 8 janvier 1896) en Autriche de celle du symbolisme fran\u00e7ais dans les pays de langue allemande. Celle-ci conna\u00eet trois phases. La premi\u00e8re, essentiellement centr\u00e9e sur Baudelaire, s\u2019\u00e9tend de la premi\u00e8re recension des ''Fleurs du Mal'' en 1869 \u00e0 la fin des ann\u00e9es 1890. La deuxi\u00e8me, la plus importante, voit l\u2019int\u00e9r\u00eat se d\u00e9placer de Ba...\u202f\u00bb"},{"logid":855,"ns":0,"title":"L\u2019occupation fran\u00e7aise de Vienne 1805/1806 et 1809","pageid":0,"logpage":243,"revid":1214,"params":{"target_ns":0,"target_title":"L\u2019occupation fran\u00e7aise de Vienne en 1805/1806 et 1809","suppressredirect":""},"type":"move","action":"move","user":"Hannah","timestamp":"2026-04-09T10:24:11Z","comment":"Titre mal orthographi\u00e9"},{"logid":854,"ns":0,"title":"Elisabeth Freundlich","pageid":504,"logpage":504,"revid":1213,"params":{},"type":"create","action":"create","user":"Hannah","timestamp":"2026-04-07T09:43:28Z","comment":"Page cr\u00e9\u00e9e avec \u00ab\u202f\u00c9crivaine, journaliste, traductrice et biblioth\u00e9caire, Elisabeth Freundlich (pseudonyme Elisabeth Lanzer, 21.7.1906 \u00e0 Vienne \u2013 25.1.2001 \u00e0 Vienne) a jou\u00e9 un r\u00f4le d\u00e9terminant dans l\u2019organisation de la r\u00e9sistance autrichienne au national-socialisme en France, notamment \u00e0 Paris et dans le Sud-Ouest de la France<ref>Lajarrige 2018</ref>, puis, \u00e0 partir de 1940, aux \u00c9tats-Unis.  ==Biographie==  Elisabeth Freundlich est n\u00e9e dans une famille de la grande...\u202f\u00bb"},{"logid":853,"ns":6,"title":"Fichier:20 Wien Museum Online Sammlung 212893 1-2.jpg","pageid":503,"logpage":503,"revid":1209,"params":{},"type":"create","action":"create","user":"Hannah","timestamp":"2026-04-01T12:49:05Z","comment":"Emil H\u00fctter (Aquarellist), Das Burgtor nach der Sprengung durch die Franzosen 1809, 1809, Wien Museum Inv.-Nr. 212893, CC BY 4.0 (https://sammlung.wienmuseum.at/objekt/12840/)"},{"logid":852,"ns":6,"title":"Fichier:20 Wien Museum Online Sammlung 212893 1-2.jpg","pageid":503,"logpage":503,"revid":1209,"params":{"img_sha1":"4mdmn2rlfozlgshp0326orf72epjm4u","img_timestamp":"2026-04-01T12:49:05Z"},"type":"upload","action":"upload","user":"Hannah","timestamp":"2026-04-01T12:49:05Z","comment":"Emil H\u00fctter (Aquarellist), Das Burgtor nach der Sprengung durch die Franzosen 1809, 1809, Wien Museum Inv.-Nr. 212893, CC BY 4.0 (https://sammlung.wienmuseum.at/objekt/12840/)"},{"logid":851,"ns":6,"title":"Fichier:18 Wien Museum Online Sammlung 45855 1-2.jpg","pageid":502,"logpage":502,"revid":1208,"params":{},"type":"create","action":"create","user":"Hannah","timestamp":"2026-04-01T12:48:53Z","comment":"Unbekannt, \"Verwundete Franzosen bei der Menage ...\", 1809, Wien Museum Inv.-Nr. 45855, CC0 (https://sammlung.wienmuseum.at/objekt/122682/)"},{"logid":850,"ns":6,"title":"Fichier:18 Wien Museum Online Sammlung 45855 1-2.jpg","pageid":502,"logpage":502,"revid":1208,"params":{"img_sha1":"4fglbyxxdnmcy3ohuswlqho3dwox352","img_timestamp":"2026-04-01T12:48:53Z"},"type":"upload","action":"upload","user":"Hannah","timestamp":"2026-04-01T12:48:53Z","comment":"Unbekannt, \"Verwundete Franzosen bei der Menage ...\", 1809, Wien Museum Inv.-Nr. 45855, CC0 (https://sammlung.wienmuseum.at/objekt/122682/)"},{"logid":849,"ns":6,"title":"Fichier:17 Wien Museum Online Sammlung 31715 1-2.jpg","pageid":501,"logpage":501,"revid":1207,"params":{},"type":"create","action":"create","user":"Hannah","timestamp":"2026-04-01T12:48:39Z","comment":"Unbekannt, \"Billet de lit a l'Hospital Militaire de Vienne\" (f\u00fcr) Antonio Viela, 1809, Wien Museum Inv.-Nr. 44865, CC0 (https://sammlung.wienmuseum.at/objekt/147255/)"}]}}